{"id":1894,"date":"2020-12-14T10:28:20","date_gmt":"2020-12-14T10:28:20","guid":{"rendered":"https:\/\/vinumnobile.com\/?page_id=1894"},"modified":"2023-03-22T08:59:48","modified_gmt":"2023-03-22T08:59:48","slug":"vinas-del-jaro","status":"publish","type":"page","link":"https:\/\/vinumnobile.com\/index.php\/d-o-ribera-del-duero\/vinas-del-jaro\/","title":{"rendered":"vinas-del-jaro"},"content":{"rendered":"\t\t<div data-elementor-type=\"wp-page\" data-elementor-id=\"1894\" class=\"elementor elementor-1894\" data-elementor-settings=\"[]\">\n\t\t\t\t\t\t<div class=\"elementor-inner\">\n\t\t\t\t\t\t\t<div class=\"elementor-section-wrap\">\n\t\t\t\t\t\t\t<section class=\"elementor-section elementor-top-section elementor-element elementor-element-7d1729e elementor-section-boxed elementor-section-height-default elementor-section-height-default\" data-id=\"7d1729e\" data-element_type=\"section\">\n\t\t\t\t\t\t<div class=\"elementor-container elementor-column-gap-default\">\n\t\t\t\t\t\t\t<div class=\"elementor-row\">\n\t\t\t\t\t<div class=\"elementor-column elementor-col-100 elementor-top-column elementor-element elementor-element-6da1bcbb\" data-id=\"6da1bcbb\" data-element_type=\"column\">\n\t\t\t<div class=\"elementor-column-wrap elementor-element-populated\">\n\t\t\t\t\t\t\t<div class=\"elementor-widget-wrap\">\n\t\t\t\t\t\t<div class=\"elementor-element elementor-element-3f8c8e11 elementor-widget elementor-widget-heading\" data-id=\"3f8c8e11\" data-element_type=\"widget\" data-widget_type=\"heading.default\">\n\t\t\t\t<div class=\"elementor-widget-container\">\n\t\t\t<h1 class=\"elementor-heading-title elementor-size-default\">D.O. Ribera del Duero<\/h1>\t\t<\/div>\n\t\t\t\t<\/div>\n\t\t\t\t<div class=\"elementor-element elementor-element-59820069 elementor-widget-divider--view-line elementor-widget elementor-widget-divider\" data-id=\"59820069\" data-element_type=\"widget\" data-widget_type=\"divider.default\">\n\t\t\t\t<div class=\"elementor-widget-container\">\n\t\t\t\t\t<div class=\"elementor-divider\">\n\t\t\t<span class=\"elementor-divider-separator\">\n\t\t\t\t\t\t<\/span>\n\t\t<\/div>\n\t\t\t\t<\/div>\n\t\t\t\t<\/div>\n\t\t\t\t<div class=\"elementor-element elementor-element-74a4a75d elementor-widget elementor-widget-heading\" data-id=\"74a4a75d\" data-element_type=\"widget\" data-widget_type=\"heading.default\">\n\t\t\t\t<div class=\"elementor-widget-container\">\n\t\t\t<h2 class=\"elementor-heading-title elementor-size-default\">VI\u00d1AS DEL JARO<\/h2>\t\t<\/div>\n\t\t\t\t<\/div>\n\t\t\t\t<div class=\"elementor-element elementor-element-f746cdd elementor-widget elementor-widget-text-editor\" data-id=\"f746cdd\" data-element_type=\"widget\" data-widget_type=\"text-editor.default\">\n\t\t\t\t<div class=\"elementor-widget-container\">\n\t\t\t\t\t\t\t\t<div class=\"elementor-text-editor elementor-clearfix\">\n\t\t\t\t\t<p>En un primer momento el proyecto comienza con la b\u00fasqueda de una finca en donde poder elaborar vinos tintos que expresen muy bien sus suelos y la encuentran en la localidad de Pesquera de Duero (Valladolid), con nombre de \u00abEl Qui\u00f1\u00f3n\u00bb y all\u00ed nace la primera Bodega \u00abVi\u00f1as del Jaro\u00bb, adscrita a la denominaci\u00f3n de origen de Ribera del Duero. Poco tiempo despu\u00e9s se funda \u00abBodegas y Vi\u00f1edos de Cal Grau\u00bb, en la denominaci\u00f3n de origen calificada de El Priorat. En a\u00f1os posteriores el proyecto sigue desarroll\u00e1ndose y apostando por los vinos tintos con personalidad de diferentes zonas espa\u00f1olas y se asienta tambi\u00e9n en la denominaci\u00f3n de origen Toro, donde poseen vi\u00f1edos en Morales, El Pego y Valdefinjas.<\/p>\t\t\t\t\t<\/div>\n\t\t\t\t\t\t<\/div>\n\t\t\t\t<\/div>\n\t\t\t\t\t\t<\/div>\n\t\t\t\t\t<\/div>\n\t\t<\/div>\n\t\t\t\t\t\t\t\t<\/div>\n\t\t\t\t\t<\/div>\n\t\t<\/section>\n\t\t\t\t<section class=\"elementor-section elementor-top-section elementor-element elementor-element-5acff04d elementor-section-height-full elementor-section-items-top elementor-section-boxed elementor-section-height-default\" data-id=\"5acff04d\" data-element_type=\"section\">\n\t\t\t\t\t\t<div class=\"elementor-container elementor-column-gap-default\">\n\t\t\t\t\t\t\t<div class=\"elementor-row\">\n\t\t\t\t\t<div class=\"elementor-column elementor-col-100 elementor-top-column elementor-element elementor-element-2e78b250\" data-id=\"2e78b250\" data-element_type=\"column\">\n\t\t\t<div class=\"elementor-column-wrap elementor-element-populated\">\n\t\t\t\t\t\t\t<div class=\"elementor-widget-wrap\">\n\t\t\t\t\t\t<section class=\"elementor-section elementor-inner-section elementor-element elementor-element-503fed36 elementor-section-boxed elementor-section-height-default elementor-section-height-default\" data-id=\"503fed36\" data-element_type=\"section\">\n\t\t\t\t\t\t<div class=\"elementor-container elementor-column-gap-default\">\n\t\t\t\t\t\t\t<div class=\"elementor-row\">\n\t\t\t\t\t<div class=\"make-column-clickable-elementor elementor-column elementor-col-25 elementor-inner-column elementor-element elementor-element-6b03e45a\" style=\"cursor: pointer;\" data-column-clickable=\"https:\/\/vinumnobile.com\/index.php\/d-o-ribera-del-duero\/vinas-del-jaro\/jaros\/\" data-column-clickable-blank=\"_self\" data-id=\"6b03e45a\" data-element_type=\"column\" data-settings=\"{&quot;background_background&quot;:&quot;classic&quot;}\">\n\t\t\t<div class=\"elementor-column-wrap elementor-element-populated\">\n\t\t\t\t\t\t\t<div class=\"elementor-widget-wrap\">\n\t\t\t\t\t\t<div class=\"elementor-element elementor-element-100fe004 elementor-widget elementor-widget-image\" data-id=\"100fe004\" data-element_type=\"widget\" data-widget_type=\"image.default\">\n\t\t\t\t<div class=\"elementor-widget-container\">\n\t\t\t\t\t\t\t\t<div class=\"elementor-image\">\n\t\t\t\t\t\t\t\t\t\t\t\t\t<a href=\"https:\/\/vinumnobile.com\/index.php\/d-o-ribera-del-duero\/vinas-del-jaro\/jaros\/\">\n\t\t\t\t\t\t\t<img loading=\"lazy\" decoding=\"async\" width=\"24\" height=\"24\" src=\"https:\/\/vinumnobile.com\/wp-content\/uploads\/2020\/11\/pto_negro.png\" class=\"elementor-animation-grow attachment-large size-large\" alt=\"\" \/>\t\t\t\t\t\t\t\t<\/a>\n\t\t\t\t\t\t\t\t\t\t\t\t\t\t<\/div>\n\t\t\t\t\t\t<\/div>\n\t\t\t\t<\/div>\n\t\t\t\t<div class=\"elementor-element elementor-element-5fdbd213 elementor-widget elementor-widget-image\" data-id=\"5fdbd213\" data-element_type=\"widget\" data-settings=\"{&quot;_animation&quot;:&quot;none&quot;}\" data-widget_type=\"image.default\">\n\t\t\t\t<div class=\"elementor-widget-container\">\n\t\t\t\t\t\t\t\t<div class=\"elementor-image\">\n\t\t\t\t\t\t\t\t\t<figure class=\"wp-caption\">\n\t\t\t\t\t\t\t\t\t\t\t<a href=\"https:\/\/vinumnobile.com\/index.php\/d-o-ribera-del-duero\/vinas-del-jaro\/jaros\/\">\n\t\t\t\t\t\t\t<img loading=\"lazy\" decoding=\"async\" width=\"75\" height=\"330\" src=\"https:\/\/vinumnobile.com\/wp-content\/uploads\/2020\/12\/VinasDelJaroGamaSuperior-botella-01a-Jaros.png\" class=\"elementor-animation-float attachment-full size-full\" alt=\"\" \/>\t\t\t\t\t\t\t\t<\/a>\n\t\t\t\t\t\t\t\t\t\t\t<figcaption class=\"widget-image-caption wp-caption-text\">Jaros<\/figcaption>\n\t\t\t\t\t\t\t\t\t\t<\/figure>\n\t\t\t\t\t\t\t\t<\/div>\n\t\t\t\t\t\t<\/div>\n\t\t\t\t<\/div>\n\t\t\t\t\t\t<\/div>\n\t\t\t\t\t<\/div>\n\t\t<\/div>\n\t\t\t\t<div class=\"make-column-clickable-elementor elementor-column elementor-col-25 elementor-inner-column elementor-element elementor-element-14e6845e\" style=\"cursor: pointer;\" data-column-clickable=\"https:\/\/vinumnobile.com\/index.php\/d-o-ribera-del-duero\/vinas-del-jaro\/jaros-reserva-familia\/\" data-column-clickable-blank=\"_self\" data-id=\"14e6845e\" data-element_type=\"column\" data-settings=\"{&quot;background_background&quot;:&quot;classic&quot;}\">\n\t\t\t<div class=\"elementor-column-wrap elementor-element-populated\">\n\t\t\t\t\t\t\t<div class=\"elementor-widget-wrap\">\n\t\t\t\t\t\t<div class=\"elementor-element elementor-element-4c4f4572 elementor-widget elementor-widget-image\" data-id=\"4c4f4572\" data-element_type=\"widget\" data-widget_type=\"image.default\">\n\t\t\t\t<div class=\"elementor-widget-container\">\n\t\t\t\t\t\t\t\t<div class=\"elementor-image\">\n\t\t\t\t\t\t\t\t\t\t\t\t\t<a href=\"https:\/\/vinumnobile.com\/index.php\/d-o-ribera-del-duero\/vinas-del-jaro\/jaros-reserva-familia\/\">\n\t\t\t\t\t\t\t<img loading=\"lazy\" decoding=\"async\" width=\"24\" height=\"24\" src=\"https:\/\/vinumnobile.com\/wp-content\/uploads\/2020\/11\/pto_negro.png\" class=\"elementor-animation-grow attachment-large size-large\" alt=\"\" \/>\t\t\t\t\t\t\t\t<\/a>\n\t\t\t\t\t\t\t\t\t\t\t\t\t\t<\/div>\n\t\t\t\t\t\t<\/div>\n\t\t\t\t<\/div>\n\t\t\t\t<div class=\"elementor-element elementor-element-49908019 elementor-widget elementor-widget-image\" data-id=\"49908019\" data-element_type=\"widget\" data-widget_type=\"image.default\">\n\t\t\t\t<div class=\"elementor-widget-container\">\n\t\t\t\t\t\t\t\t<div class=\"elementor-image\">\n\t\t\t\t\t\t\t\t\t<figure class=\"wp-caption\">\n\t\t\t\t\t\t\t\t\t\t\t<a href=\"https:\/\/vinumnobile.com\/index.php\/d-o-ribera-del-duero\/vinas-del-jaro\/jaros-reserva-familia\/\">\n\t\t\t\t\t\t\t<img loading=\"lazy\" decoding=\"async\" width=\"81\" height=\"330\" src=\"https:\/\/vinumnobile.com\/wp-content\/uploads\/2023\/03\/VinasDelJaroGamaSuperior-botella-01bisa-JarosRoble.png\" class=\"elementor-animation-float attachment-full size-full\" alt=\"\" \/>\t\t\t\t\t\t\t\t<\/a>\n\t\t\t\t\t\t\t\t\t\t\t<figcaption class=\"widget-image-caption wp-caption-text\">Jaros Roble<\/figcaption>\n\t\t\t\t\t\t\t\t\t\t<\/figure>\n\t\t\t\t\t\t\t\t<\/div>\n\t\t\t\t\t\t<\/div>\n\t\t\t\t<\/div>\n\t\t\t\t\t\t<\/div>\n\t\t\t\t\t<\/div>\n\t\t<\/div>\n\t\t\t\t<div class=\"make-column-clickable-elementor elementor-column elementor-col-25 elementor-inner-column elementor-element elementor-element-163e382\" style=\"cursor: pointer;\" data-column-clickable=\"https:\/\/vinumnobile.com\/index.php\/d-o-ribera-del-duero\/vinas-del-jaro\/chafadin\/\" data-column-clickable-blank=\"_self\" data-id=\"163e382\" data-element_type=\"column\" data-settings=\"{&quot;background_background&quot;:&quot;classic&quot;}\">\n\t\t\t<div class=\"elementor-column-wrap elementor-element-populated\">\n\t\t\t\t\t\t\t<div class=\"elementor-widget-wrap\">\n\t\t\t\t\t\t<div class=\"elementor-element elementor-element-d30e0cb elementor-widget elementor-widget-image\" data-id=\"d30e0cb\" data-element_type=\"widget\" data-widget_type=\"image.default\">\n\t\t\t\t<div class=\"elementor-widget-container\">\n\t\t\t\t\t\t\t\t<div class=\"elementor-image\">\n\t\t\t\t\t\t\t\t\t\t\t\t\t<a href=\"https:\/\/vinumnobile.com\/index.php\/d-o-ribera-del-duero\/vinas-del-jaro\/chafadin\/\">\n\t\t\t\t\t\t\t<img loading=\"lazy\" decoding=\"async\" width=\"24\" height=\"24\" src=\"https:\/\/vinumnobile.com\/wp-content\/uploads\/2020\/11\/pto_negro.png\" class=\"elementor-animation-grow attachment-large size-large\" alt=\"\" \/>\t\t\t\t\t\t\t\t<\/a>\n\t\t\t\t\t\t\t\t\t\t\t\t\t\t<\/div>\n\t\t\t\t\t\t<\/div>\n\t\t\t\t<\/div>\n\t\t\t\t<div class=\"elementor-element elementor-element-f039726 elementor-widget elementor-widget-image\" data-id=\"f039726\" data-element_type=\"widget\" data-widget_type=\"image.default\">\n\t\t\t\t<div class=\"elementor-widget-container\">\n\t\t\t\t\t\t\t\t<div class=\"elementor-image\">\n\t\t\t\t\t\t\t\t\t<figure class=\"wp-caption\">\n\t\t\t\t\t\t\t\t\t\t\t<a href=\"https:\/\/vinumnobile.com\/index.php\/d-o-ribera-del-duero\/vinas-del-jaro\/chafadin\/\">\n\t\t\t\t\t\t\t<img loading=\"lazy\" decoding=\"async\" width=\"74\" height=\"330\" src=\"https:\/\/vinumnobile.com\/wp-content\/uploads\/2020\/12\/VinasDelJaroGamaSuperior-botella-03a-Chafadin.png\" class=\"elementor-animation-float attachment-full size-full\" alt=\"\" \/>\t\t\t\t\t\t\t\t<\/a>\n\t\t\t\t\t\t\t\t\t\t\t<figcaption class=\"widget-image-caption wp-caption-text\">Chafad\u00edn<\/figcaption>\n\t\t\t\t\t\t\t\t\t\t<\/figure>\n\t\t\t\t\t\t\t\t<\/div>\n\t\t\t\t\t\t<\/div>\n\t\t\t\t<\/div>\n\t\t\t\t\t\t<\/div>\n\t\t\t\t\t<\/div>\n\t\t<\/div>\n\t\t\t\t<div class=\"make-column-clickable-elementor elementor-column elementor-col-25 elementor-inner-column elementor-element elementor-element-7c700ed\" style=\"cursor: pointer;\" data-column-clickable=\"https:\/\/vinumnobile.com\/index.php\/d-o-ribera-del-duero\/vinas-del-jaro\/sed-de-cana\/\" data-column-clickable-blank=\"_self\" data-id=\"7c700ed\" data-element_type=\"column\" data-settings=\"{&quot;background_background&quot;:&quot;classic&quot;}\">\n\t\t\t<div class=\"elementor-column-wrap elementor-element-populated\">\n\t\t\t\t\t\t\t<div class=\"elementor-widget-wrap\">\n\t\t\t\t\t\t<div class=\"elementor-element elementor-element-ca5e9aa elementor-widget elementor-widget-image\" data-id=\"ca5e9aa\" data-element_type=\"widget\" data-widget_type=\"image.default\">\n\t\t\t\t<div class=\"elementor-widget-container\">\n\t\t\t\t\t\t\t\t<div class=\"elementor-image\">\n\t\t\t\t\t\t\t\t\t\t\t\t\t<a href=\"https:\/\/vinumnobile.com\/index.php\/d-o-ribera-del-duero\/vinas-del-jaro\/sed-de-cana\/\">\n\t\t\t\t\t\t\t<img loading=\"lazy\" decoding=\"async\" width=\"24\" height=\"24\" src=\"https:\/\/vinumnobile.com\/wp-content\/uploads\/2020\/11\/pto_negro.png\" class=\"elementor-animation-grow attachment-large size-large\" alt=\"\" \/>\t\t\t\t\t\t\t\t<\/a>\n\t\t\t\t\t\t\t\t\t\t\t\t\t\t<\/div>\n\t\t\t\t\t\t<\/div>\n\t\t\t\t<\/div>\n\t\t\t\t<div class=\"elementor-element elementor-element-f795268 elementor-widget elementor-widget-image\" data-id=\"f795268\" data-element_type=\"widget\" data-widget_type=\"image.default\">\n\t\t\t\t<div class=\"elementor-widget-container\">\n\t\t\t\t\t\t\t\t<div class=\"elementor-image\">\n\t\t\t\t\t\t\t\t\t<figure class=\"wp-caption\">\n\t\t\t\t\t\t\t\t\t\t\t<a href=\"https:\/\/vinumnobile.com\/index.php\/d-o-ribera-del-duero\/vinas-del-jaro\/sed-de-cana\/\">\n\t\t\t\t\t\t\t<img loading=\"lazy\" decoding=\"async\" width=\"89\" height=\"330\" src=\"https:\/\/vinumnobile.com\/wp-content\/uploads\/2020\/12\/VinasDelJaroGamaSuperior-botella-04a-SedDeCana.png\" class=\"elementor-animation-float attachment-full size-full\" alt=\"\" \/>\t\t\t\t\t\t\t\t<\/a>\n\t\t\t\t\t\t\t\t\t\t\t<figcaption class=\"widget-image-caption wp-caption-text\">Sed de Can\u00e1<\/figcaption>\n\t\t\t\t\t\t\t\t\t\t<\/figure>\n\t\t\t\t\t\t\t\t<\/div>\n\t\t\t\t\t\t<\/div>\n\t\t\t\t<\/div>\n\t\t\t\t\t\t<\/div>\n\t\t\t\t\t<\/div>\n\t\t<\/div>\n\t\t\t\t\t\t\t\t<\/div>\n\t\t\t\t\t<\/div>\n\t\t<\/section>\n\t\t\t\t\t\t<\/div>\n\t\t\t\t\t<\/div>\n\t\t<\/div>\n\t\t\t\t\t\t\t\t<\/div>\n\t\t\t\t\t<\/div>\n\t\t<\/section>\n\t\t\t\t\t\t<\/div>\n\t\t\t\t\t\t<\/div>\n\t\t\t\t\t<\/div>\n\t\t","protected":false},"excerpt":{"rendered":"<p>D.O. Ribera del Duero VI\u00d1AS DEL JARO En un primer momento el proyecto comienza con la b\u00fasqueda de una finca en donde poder elaborar vinos tintos que expresen muy bien sus suelos y la encuentran en la localidad de Pesquera de Duero (Valladolid), con nombre de \u00abEl Qui\u00f1\u00f3n\u00bb y all\u00ed nace la primera Bodega \u00abVi\u00f1as [&hellip;]<\/p>\n","protected":false},"author":1,"featured_media":0,"parent":77,"menu_order":0,"comment_status":"closed","ping_status":"closed","template":"elementor_header_footer","meta":{"footnotes":""},"class_list":["post-1894","page","type-page","status-publish","hentry"],"_links":{"self":[{"href":"https:\/\/vinumnobile.com\/index.php\/wp-json\/wp\/v2\/pages\/1894","targetHints":{"allow":["GET"]}}],"collection":[{"href":"https:\/\/vinumnobile.com\/index.php\/wp-json\/wp\/v2\/pages"}],"about":[{"href":"https:\/\/vinumnobile.com\/index.php\/wp-json\/wp\/v2\/types\/page"}],"author":[{"embeddable":true,"href":"https:\/\/vinumnobile.com\/index.php\/wp-json\/wp\/v2\/users\/1"}],"replies":[{"embeddable":true,"href":"https:\/\/vinumnobile.com\/index.php\/wp-json\/wp\/v2\/comments?post=1894"}],"version-history":[{"count":20,"href":"https:\/\/vinumnobile.com\/index.php\/wp-json\/wp\/v2\/pages\/1894\/revisions"}],"predecessor-version":[{"id":5181,"href":"https:\/\/vinumnobile.com\/index.php\/wp-json\/wp\/v2\/pages\/1894\/revisions\/5181"}],"up":[{"embeddable":true,"href":"https:\/\/vinumnobile.com\/index.php\/wp-json\/wp\/v2\/pages\/77"}],"wp:attachment":[{"href":"https:\/\/vinumnobile.com\/index.php\/wp-json\/wp\/v2\/media?parent=1894"}],"curies":[{"name":"wp","href":"https:\/\/api.w.org\/{rel}","templated":true}]}}